{"id":3737,"date":"2021-08-31T10:02:50","date_gmt":"2021-08-31T10:02:50","guid":{"rendered":"https:\/\/welcomelalfas.com\/?page_id=3737"},"modified":"2022-10-03T08:22:36","modified_gmt":"2022-10-03T08:22:36","slug":"torre-bombarda","status":"publish","type":"page","link":"https:\/\/welcomelalfas.com\/val\/torre-bombarda\/","title":{"rendered":"Torre Bombarda"},"content":{"rendered":"<p>[vc_row css_animation=&#8221;&#8221; row_type=&#8221;row&#8221; use_row_as_full_screen_section=&#8221;no&#8221; type=&#8221;grid&#8221; angled_section=&#8221;no&#8221; text_align=&#8221;left&#8221; background_image_as_pattern=&#8221;without_pattern&#8221; z_index=&#8221;&#8221; padding_top=&#8221;50&#8243;][vc_column css=&#8221;.vc_custom_1630316963515{margin-top: 40px !important;}&#8221;][vc_column_text]Durant el segle XVI el litoral valenci\u00e0 era la frontera m\u00e9s perillosa del regne degut als freq\u00fcents atacs de corsaris barbarescos. Per aquest motiu, Felip II va promoure un sistema centralitzat de defensa de la costa mediterr\u00e0nia i de les Illes Balears basat en torres guaites. Les torres, conegudes en la seua \u00e8poca com a talaies, es van construir en llocs estrat\u00e8gics per a protegir ports, poblacions costaneres, rius i albuferes on l&#8217;enemic es podia proveir d&#8217;aigua. La torre Bombarda est\u00e0 situada en un lloc estrat\u00e8gic per a vigilar la badia i els penya-segats de la serra. En cas d&#8217;albirar vaixells enemics, els soldats apostats a la torre avisaven al castell d&#8217;Altea mitjan\u00e7ant una foguera amb la finalitat de preparar la defensa i, a continuaci\u00f3, dos guardes es despla\u00e7aven a les torres m\u00e9s pr\u00f2ximes (torre de Cap Negret a Altea i torre dels Caletes, a Benidorm) per a alertar de l&#8217;atac.<br \/>\nLa torre Bombarda \u00e9s un element patrimonial declarat B\u00e9 d&#8217;Inter\u00e9s Cultural (BIC) situat en l&#8217;extrem septentrional de la Serra Gelada, a 111 m sobre el nivell de la mar, en un espai natural protegit. Actualment el seu acc\u00e9s es realitza a trav\u00e9s del cam\u00ed del Far, la ruta roja del Parc Natural de la Serra Gelada, un dels paisatges m\u00e9s espectaculars del litoral alacant\u00ed.<br \/>\nA causa del seu mal estat de conservaci\u00f3, l&#8217;Ajuntament de l&#8217;Alf\u00e0s del Pi va dur a terme un projecte d&#8217;intervenci\u00f3 arqueol\u00f2gica i de restauraci\u00f3 entre novembre de 2011 i gener de 2012.1 Aquesta intervenci\u00f3 ha perm\u00e9s con\u00e9ixer la seua planta, determinar la forma i dimensions del cos superior i, al mateix temps, consolidar els paraments conservats.<\/p>\n<p>Des de 2013 ha sigut reconegut com a Centre Blau, s\u00edmbol de qualitat, bona gesti\u00f3 i excel\u00b7l\u00e8ncia.<br \/>\n[\/vc_column_text][\/vc_column][\/vc_row][vc_row css_animation=&#8221;&#8221; row_type=&#8221;row&#8221; use_row_as_full_screen_section=&#8221;no&#8221; type=&#8221;full_width&#8221; angled_section=&#8221;no&#8221; text_align=&#8221;left&#8221; background_image_as_pattern=&#8221;without_pattern&#8221; z_index=&#8221;&#8221; padding_top=&#8221;70&#8243; padding_bottom=&#8221;20&#8243;][vc_column css_animation=&#8221;fadeIn&#8221;][vc_gallery type=&#8221;image_grid&#8221; images=&#8221;3740,3741,3742&#8243; img_size=&#8221;full&#8221; onclick=&#8221;&#8221; column_number=&#8221;3&#8243; grayscale=&#8221;no&#8221; images_space=&#8221;gallery_with_space&#8221;][\/vc_column][\/vc_row][vc_row css_animation=&#8221;&#8221; row_type=&#8221;row&#8221; use_row_as_full_screen_section=&#8221;no&#8221; type=&#8221;full_width&#8221; angled_section=&#8221;no&#8221; text_align=&#8221;left&#8221; background_image_as_pattern=&#8221;without_pattern&#8221; z_index=&#8221;&#8221; padding_top=&#8221;70&#8243;][vc_column][vc_gmaps link=&#8221;#E-8_JTNDaWZyYW1lJTIwc3JjJTNEJTIyaHR0cHMlM0ElMkYlMkZ3d3cuZ29vZ2xlLmNvbSUyRm1hcHMlMkZlbWJlZCUzRnBiJTNEJTIxMW0xOCUyMTFtMTIlMjExbTMlMjExZDMxMTkuNzA3Mjc5MDUyMzQwNyUyMTJkLTAuMDUxNjc4OTUwNjMyNjU3MDElMjEzZDM4LjU2MzU1NzU0NjQ0NTQxJTIxMm0zJTIxMWYwJTIxMmYwJTIxM2YwJTIxM20yJTIxMWkxMDI0JTIxMmk3NjglMjE0ZjEzLjElMjEzbTMlMjExbTIlMjExczB4ZDYyMDdlZmE2MmFmZDdiJTI1M0EweDU2MGE1Y2RhZGZjMGFlYjUlMjEyc1RvcnJlJTI1MjBkZSUyNTIwbGElMjUyMFB1bnRhJTI1MjBkZSUyNTIwbCUyNiUyMzM5JTNCQWxiaXIlMjE1ZTAlMjEzbTIlMjExc2VzJTIxMnNlcyUyMTR2MTYzMDQwNDk4NjYwNiUyMTVtMiUyMTFzZXMlMjEyc2VzJTIyJTIwd2lkdGglM0QlMjIxMDAlMjUlMjIlMjBoZWlnaHQlM0QlMjI0NTAlMjIlMjBzdHlsZSUzRCUyMmJvcmRlciUzQTAlM0IlMjIlMjBhbGxvd2Z1bGxzY3JlZW4lM0QlMjIlMjIlMjBsb2FkaW5nJTNEJTIybGF6eSUyMiUzRSUzQyUyRmlmcmFtZSUzRQ==&#8221;][\/vc_column][\/vc_row][vc_row css_animation=&#8221;&#8221; row_type=&#8221;row&#8221; use_row_as_full_screen_section=&#8221;no&#8221; type=&#8221;full_width&#8221; angled_section=&#8221;no&#8221; text_align=&#8221;left&#8221; background_image_as_pattern=&#8221;without_pattern&#8221; z_index=&#8221;&#8221; padding_top=&#8221;70&#8243; padding_bottom=&#8221;50&#8243;][vc_column][vc_column_text]<h2 style=\"text-align: center;font-size:28px;text-transform:none;\">Tamb\u00e9 podeu visitar<\/h2><div class=\"section_inner clearfix full-width\">\n            <div class=\"section_inner_margin clearfix\">\n                <div class=\"wpb_column vc_column_container container_inner\" style=\"margin:0 auto;\">\n                    <div class=\"vc_column-inner\">\n                        <div class=\"wpb_wrapper\">\n                            <div class=\"woocommerce columns-3\">\n                                <ul class=\"products\"><li class=\"product type-product post-3531\">\n                                                <div class=\"top-product-section\">\n\t\t\t\t\t\t\t\t\t\t\t\t    <a href=\"https:\/\/welcomelalfas.com\/val\/casa-museo-delso\/\"><img width=\"1000\" height=\"667\" src=\"https:\/\/welcomelalfas.com\/wp-content\/uploads\/2021\/08\/museo-delso-05.jpg\" class=\"attachment-post-thumbnail size-post-thumbnail wp-post-image\" alt=\"\" loading=\"lazy\" srcset=\"https:\/\/welcomelalfas.com\/wp-content\/uploads\/2021\/08\/museo-delso-05.jpg 1000w, https:\/\/welcomelalfas.com\/wp-content\/uploads\/2021\/08\/museo-delso-05-300x200.jpg 300w, https:\/\/welcomelalfas.com\/wp-content\/uploads\/2021\/08\/museo-delso-05-768x512.jpg 768w, https:\/\/welcomelalfas.com\/wp-content\/uploads\/2021\/08\/museo-delso-05-700x467.jpg 700w\" sizes=\"(max-width: 1000px) 100vw, 1000px\" \/><\/a>   \n                                                    <a href=\"https:\/\/welcomelalfas.com\/val\/casa-museo-delso\/\" class=\"text-center\"><h3>Casa Museo Delso<\/h3><\/a>\n                                                <\/div>\n                                                <\/li><li class=\"product type-product post-3758\">\n                                                <div class=\"top-product-section\">\n\t\t\t\t\t\t\t\t\t\t\t\t    <a href=\"https:\/\/welcomelalfas.com\/val\/centre-dinterpretacio-els-coscolls\/\"><img width=\"1000\" height=\"667\" src=\"https:\/\/welcomelalfas.com\/wp-content\/uploads\/2021\/09\/carrascos-rel.jpg\" class=\"attachment-post-thumbnail size-post-thumbnail wp-post-image\" alt=\"\" loading=\"lazy\" srcset=\"https:\/\/welcomelalfas.com\/wp-content\/uploads\/2021\/09\/carrascos-rel.jpg 1000w, https:\/\/welcomelalfas.com\/wp-content\/uploads\/2021\/09\/carrascos-rel-300x200.jpg 300w, https:\/\/welcomelalfas.com\/wp-content\/uploads\/2021\/09\/carrascos-rel-768x512.jpg 768w, https:\/\/welcomelalfas.com\/wp-content\/uploads\/2021\/09\/carrascos-rel-700x467.jpg 700w\" sizes=\"(max-width: 1000px) 100vw, 1000px\" \/><\/a>   \n                                                    <a href=\"https:\/\/welcomelalfas.com\/val\/centre-dinterpretacio-els-coscolls\/\" class=\"text-center\"><h3>Centre d&#8217;interpretaci\u00f3 Els Coscolls<\/h3><\/a>\n                                                <\/div>\n                                                <\/li><li class=\"product type-product post-3874\" style=\"margin-right:0;\" >\n                                                <div class=\"top-product-section\">\n\t\t\t\t\t\t\t\t\t\t\t\t    <a href=\"https:\/\/welcomelalfas.com\/val\/museo-a-laire-lliure-vila-romana-de-lalbir\/\"><img width=\"1000\" height=\"667\" src=\"https:\/\/welcomelalfas.com\/wp-content\/uploads\/2021\/09\/museo-villa-romana-albir-26.jpg\" class=\"attachment-post-thumbnail size-post-thumbnail wp-post-image\" alt=\"\" loading=\"lazy\" srcset=\"https:\/\/welcomelalfas.com\/wp-content\/uploads\/2021\/09\/museo-villa-romana-albir-26.jpg 1000w, https:\/\/welcomelalfas.com\/wp-content\/uploads\/2021\/09\/museo-villa-romana-albir-26-300x200.jpg 300w, https:\/\/welcomelalfas.com\/wp-content\/uploads\/2021\/09\/museo-villa-romana-albir-26-768x512.jpg 768w, https:\/\/welcomelalfas.com\/wp-content\/uploads\/2021\/09\/museo-villa-romana-albir-26-700x467.jpg 700w\" sizes=\"(max-width: 1000px) 100vw, 1000px\" \/><\/a>   \n                                                    <a href=\"https:\/\/welcomelalfas.com\/val\/museo-a-laire-lliure-vila-romana-de-lalbir\/\" class=\"text-center\"><h3>Museu a l&#8217;Aire Lliure Vila Romana de l&#8217;Albir<\/h3><\/a>\n                                                <\/div>\n                                                <\/li><\/ul>\n                            <\/div>\n                        <\/div>\n                    <\/div>\n                <\/div>\n            <\/div>\n        <\/div>[\/vc_column_text][\/vc_column][\/vc_row][vc_row css_animation=&#8221;&#8221; row_type=&#8221;row&#8221; use_row_as_full_screen_section=&#8221;no&#8221; type=&#8221;full_width&#8221; angled_section=&#8221;no&#8221; text_align=&#8221;left&#8221; background_image_as_pattern=&#8221;without_pattern&#8221; css=&#8221;.vc_custom_1664361089131{background-image: url(https:\/\/welcomelalfas.com\/wp-content\/uploads\/2021\/06\/fondo-pie-tn.jpg?id=389) !important;}&#8221; z_index=&#8221;&#8221; padding_top=&#8221;157&#8243; padding_bottom=&#8221;100&#8243;][vc_column][\/vc_column][\/vc_row]<\/p>\n","protected":false},"excerpt":{"rendered":"<p>[vc_row css_animation=&#8221;&#8221; row_type=&#8221;row&#8221; use_row_as_full_screen_section=&#8221;no&#8221; type=&#8221;grid&#8221; angled_section=&#8221;no&#8221; text_align=&#8221;left&#8221; background_image_as_pattern=&#8221;without_pattern&#8221; z_index=&#8221;&#8221; padding_top=&#8221;50&#8243;][vc_column css=&#8221;.vc_custom_1630316963515{margin-top: 40px !important;}&#8221;][vc_column_text]Durant el segle XVI el litoral valenci\u00e0 era la frontera m\u00e9s perillosa del regne degut als freq\u00fcents atacs de corsaris barbarescos. Per aquest motiu, Felip II va promoure un sistema centralitzat de defensa&#8230;<\/p>\n","protected":false},"author":2,"featured_media":3740,"parent":0,"menu_order":0,"comment_status":"closed","ping_status":"closed","template":"full_width.php","meta":[],"yoast_head":"<!-- This site is optimized with the Yoast SEO plugin v19.7.1 - https:\/\/yoast.com\/wordpress\/plugins\/seo\/ -->\n<title>Torre Bombarda | Welcome L&#039;Alf\u00e0s<\/title>\n<meta name=\"description\" content=\"Torre Bombarda | Welcome L&#039;Alf\u00e0s\" \/>\n<meta name=\"robots\" content=\"index, follow, max-snippet:-1, max-image-preview:large, max-video-preview:-1\" \/>\n<link rel=\"canonical\" href=\"https:\/\/welcomelalfas.com\/val\/torre-bombarda\/\" \/>\n<meta property=\"og:locale\" content=\"en_US\" \/>\n<meta property=\"og:type\" content=\"article\" \/>\n<meta property=\"og:title\" content=\"Torre Bombarda | Welcome L&#039;Alf\u00e0s\" \/>\n<meta property=\"og:description\" content=\"Torre Bombarda | Welcome L&#039;Alf\u00e0s\" \/>\n<meta property=\"og:url\" content=\"https:\/\/welcomelalfas.com\/val\/torre-bombarda\/\" \/>\n<meta property=\"og:site_name\" content=\"Welcome L&#039;Alf\u00e0s\" \/>\n<meta property=\"article:modified_time\" content=\"2022-10-03T08:22:36+00:00\" \/>\n<meta property=\"og:image\" content=\"https:\/\/welcomelalfas.com\/wp-content\/uploads\/2021\/10\/torre-bombarda-alfaz-01.jpg\" \/>\n\t<meta property=\"og:image:width\" content=\"1000\" \/>\n\t<meta property=\"og:image:height\" content=\"667\" \/>\n\t<meta property=\"og:image:type\" content=\"image\/jpeg\" \/>\n<meta name=\"twitter:card\" content=\"summary_large_image\" \/>\n<meta name=\"twitter:label1\" content=\"Est. reading time\" \/>\n\t<meta name=\"twitter:data1\" content=\"2 minutes\" \/>\n<script type=\"application\/ld+json\" class=\"yoast-schema-graph\">{\"@context\":\"https:\/\/schema.org\",\"@graph\":[{\"@type\":\"WebPage\",\"@id\":\"https:\/\/welcomelalfas.com\/val\/torre-bombarda\/\",\"url\":\"https:\/\/welcomelalfas.com\/val\/torre-bombarda\/\",\"name\":\"Torre Bombarda | Welcome L&#039;Alf\u00e0s\",\"isPartOf\":{\"@id\":\"https:\/\/welcomelalfas.com\/#website\"},\"datePublished\":\"2021-08-31T10:02:50+00:00\",\"dateModified\":\"2022-10-03T08:22:36+00:00\",\"description\":\"Torre Bombarda | Welcome L&#039;Alf\u00e0s\",\"breadcrumb\":{\"@id\":\"https:\/\/welcomelalfas.com\/val\/torre-bombarda\/#breadcrumb\"},\"inLanguage\":\"val\",\"potentialAction\":[{\"@type\":\"ReadAction\",\"target\":[\"https:\/\/welcomelalfas.com\/val\/torre-bombarda\/\"]}]},{\"@type\":\"BreadcrumbList\",\"@id\":\"https:\/\/welcomelalfas.com\/val\/torre-bombarda\/#breadcrumb\",\"itemListElement\":[{\"@type\":\"ListItem\",\"position\":1,\"name\":\"Portada\",\"item\":\"https:\/\/welcomelalfas.com\/val\/\"},{\"@type\":\"ListItem\",\"position\":2,\"name\":\"Torre Bombarda\"}]},{\"@type\":\"WebSite\",\"@id\":\"https:\/\/welcomelalfas.com\/#website\",\"url\":\"https:\/\/welcomelalfas.com\/\",\"name\":\"Welcome L&#039;Alf\u00e0s\",\"description\":\"Welcome L&#039;Alf\u00e0s\",\"potentialAction\":[{\"@type\":\"SearchAction\",\"target\":{\"@type\":\"EntryPoint\",\"urlTemplate\":\"https:\/\/welcomelalfas.com\/?s={search_term_string}\"},\"query-input\":\"required name=search_term_string\"}],\"inLanguage\":\"val\"}]}<\/script>\n<!-- \/ Yoast SEO plugin. -->","yoast_head_json":{"title":"Torre Bombarda | Welcome L&#039;Alf\u00e0s","description":"Torre Bombarda | Welcome L&#039;Alf\u00e0s","robots":{"index":"index","follow":"follow","max-snippet":"max-snippet:-1","max-image-preview":"max-image-preview:large","max-video-preview":"max-video-preview:-1"},"canonical":"https:\/\/welcomelalfas.com\/val\/torre-bombarda\/","og_locale":"en_US","og_type":"article","og_title":"Torre Bombarda | Welcome L&#039;Alf\u00e0s","og_description":"Torre Bombarda | Welcome L&#039;Alf\u00e0s","og_url":"https:\/\/welcomelalfas.com\/val\/torre-bombarda\/","og_site_name":"Welcome L&#039;Alf\u00e0s","article_modified_time":"2022-10-03T08:22:36+00:00","og_image":[{"width":1000,"height":667,"url":"https:\/\/welcomelalfas.com\/wp-content\/uploads\/2021\/10\/torre-bombarda-alfaz-01.jpg","type":"image\/jpeg"}],"twitter_card":"summary_large_image","twitter_misc":{"Est. reading time":"2 minutes"},"schema":{"@context":"https:\/\/schema.org","@graph":[{"@type":"WebPage","@id":"https:\/\/welcomelalfas.com\/val\/torre-bombarda\/","url":"https:\/\/welcomelalfas.com\/val\/torre-bombarda\/","name":"Torre Bombarda | Welcome L&#039;Alf\u00e0s","isPartOf":{"@id":"https:\/\/welcomelalfas.com\/#website"},"datePublished":"2021-08-31T10:02:50+00:00","dateModified":"2022-10-03T08:22:36+00:00","description":"Torre Bombarda | Welcome L&#039;Alf\u00e0s","breadcrumb":{"@id":"https:\/\/welcomelalfas.com\/val\/torre-bombarda\/#breadcrumb"},"inLanguage":"val","potentialAction":[{"@type":"ReadAction","target":["https:\/\/welcomelalfas.com\/val\/torre-bombarda\/"]}]},{"@type":"BreadcrumbList","@id":"https:\/\/welcomelalfas.com\/val\/torre-bombarda\/#breadcrumb","itemListElement":[{"@type":"ListItem","position":1,"name":"Portada","item":"https:\/\/welcomelalfas.com\/val\/"},{"@type":"ListItem","position":2,"name":"Torre Bombarda"}]},{"@type":"WebSite","@id":"https:\/\/welcomelalfas.com\/#website","url":"https:\/\/welcomelalfas.com\/","name":"Welcome L&#039;Alf\u00e0s","description":"Welcome L&#039;Alf\u00e0s","potentialAction":[{"@type":"SearchAction","target":{"@type":"EntryPoint","urlTemplate":"https:\/\/welcomelalfas.com\/?s={search_term_string}"},"query-input":"required name=search_term_string"}],"inLanguage":"val"}]}},"_links":{"self":[{"href":"https:\/\/welcomelalfas.com\/val\/wp-json\/wp\/v2\/pages\/3737"}],"collection":[{"href":"https:\/\/welcomelalfas.com\/val\/wp-json\/wp\/v2\/pages"}],"about":[{"href":"https:\/\/welcomelalfas.com\/val\/wp-json\/wp\/v2\/types\/page"}],"author":[{"embeddable":true,"href":"https:\/\/welcomelalfas.com\/val\/wp-json\/wp\/v2\/users\/2"}],"replies":[{"embeddable":true,"href":"https:\/\/welcomelalfas.com\/val\/wp-json\/wp\/v2\/comments?post=3737"}],"version-history":[{"count":2,"href":"https:\/\/welcomelalfas.com\/val\/wp-json\/wp\/v2\/pages\/3737\/revisions"}],"predecessor-version":[{"id":3743,"href":"https:\/\/welcomelalfas.com\/val\/wp-json\/wp\/v2\/pages\/3737\/revisions\/3743"}],"wp:featuredmedia":[{"embeddable":true,"href":"https:\/\/welcomelalfas.com\/val\/wp-json\/wp\/v2\/media\/3740"}],"wp:attachment":[{"href":"https:\/\/welcomelalfas.com\/val\/wp-json\/wp\/v2\/media?parent=3737"}],"curies":[{"name":"wp","href":"https:\/\/api.w.org\/{rel}","templated":true}]}}