{"id":3798,"date":"2021-08-30T09:04:59","date_gmt":"2021-08-30T09:04:59","guid":{"rendered":"https:\/\/welcomelalfas.com\/?page_id=3798"},"modified":"2022-11-04T10:36:44","modified_gmt":"2022-11-04T10:36:44","slug":"espai-cultural-escoles-velles","status":"publish","type":"page","link":"https:\/\/welcomelalfas.com\/val\/espai-cultural-escoles-velles\/","title":{"rendered":"Espai Cultural Escoles Velles"},"content":{"rendered":"<p>[vc_row css_animation=&#8221;&#8221; row_type=&#8221;row&#8221; use_row_as_full_screen_section=&#8221;no&#8221; type=&#8221;grid&#8221; angled_section=&#8221;no&#8221; text_align=&#8221;left&#8221; background_image_as_pattern=&#8221;without_pattern&#8221; z_index=&#8221;&#8221; padding_top=&#8221;50&#8243;][vc_column][vc_single_image image=&#8221;3800&#8243; img_size=&#8221;medium&#8221; alignment=&#8221;center&#8221; qode_css_animation=&#8221;&#8221;][\/vc_column][vc_column css=&#8221;.vc_custom_1630316963515{margin-top: 40px !important;}&#8221;][vc_column_text]Aquest edifici constru\u00eft en 1927 va ser la primera escola municipal. Van obrir les seues portes en una de les zones m\u00e9s transitades de l&#8217;Alf\u00e0s del Pi, es van utilitzar com el primer col\u00b7legi de prim\u00e0ria de la localitat, que es va estrenar de la m\u00e0 de la mestra que llavors hi havia al poble, donya Concha, qui d&#8217;aquesta manera passava de fer classes en un habitatge del carrer Tinent Segu\u00ed a aquest nou edifici de grans dimensions. L&#8217;immoble oferia espai m\u00e9s que suficient per a acollir a tots els alumnes del terme municipal amb edats compreses entre els 6 i els 14 anys. Com era habitual en l&#8217;\u00e8poca, els xiquets estaven separats a les aules per sexe: en l&#8217;ala dreta estudiaven els xiquets i en l&#8217;ala esquerra, les xiquetes. Per\u00f2 tot canviaria a principis de la d\u00e8cada dels noranta amb l&#8217;obertura del Col\u00b7legi P\u00fablic Sant\u00edssim Crist del Bon Encert. Aquest nou centre va permetre traslladar als alumnes dels llavors anomenats &#8220;p\u00e1rvulos&#8221; a les noves instal\u00b7lacions educatives, la qual cosa va suposar el tancament de les Escoles Velles. En l&#8217;actualitat \u00e9s un espai obert a diferents iniciatives culturals com a exposicions, cursos o confer\u00e8ncies i a m\u00e9s de Centre Cultural \u00e9s punt d&#8217;informaci\u00f3 tur\u00edstica adherit a la Xarxa Tourist Info de la Comunitat Valenciana.[\/vc_column_text][qode_elements_holder number_of_columns=&#8221;two_columns&#8221; columns_proportion=&#8221;25_75&#8243; custom_class=&#8221;hide&#8221;][qode_elements_holder_item vertical_alignment=&#8221;middle&#8221; horizontal_alignment=&#8221;center&#8221; advanced_animations=&#8221;no&#8221;][vc_single_image image=&#8221;3800&#8243; img_size=&#8221;medium&#8221; alignment=&#8221;center&#8221; qode_css_animation=&#8221;&#8221;][\/qode_elements_holder_item][qode_elements_holder_item vertical_alignment=&#8221;top&#8221; advanced_animations=&#8221;no&#8221; item_padding=&#8221;0 0 0 20px&#8221;][\/qode_elements_holder_item][\/qode_elements_holder][\/vc_column][\/vc_row][vc_row css_animation=&#8221;&#8221; row_type=&#8221;row&#8221; use_row_as_full_screen_section=&#8221;no&#8221; type=&#8221;full_width&#8221; angled_section=&#8221;no&#8221; text_align=&#8221;left&#8221; background_image_as_pattern=&#8221;without_pattern&#8221; z_index=&#8221;&#8221; padding_top=&#8221;70&#8243;][vc_column css_animation=&#8221;fadeIn&#8221;][vc_gallery type=&#8221;image_grid&#8221; images=&#8221;3807,3805,3806,3808,3809,3810&#8243; img_size=&#8221;full&#8221; onclick=&#8221;&#8221; column_number=&#8221;3&#8243; grayscale=&#8221;no&#8221; images_space=&#8221;gallery_with_space&#8221;][\/vc_column][\/vc_row][vc_row css_animation=&#8221;&#8221; row_type=&#8221;row&#8221; use_row_as_full_screen_section=&#8221;no&#8221; type=&#8221;full_width&#8221; angled_section=&#8221;no&#8221; text_align=&#8221;left&#8221; background_image_as_pattern=&#8221;without_pattern&#8221; css=&#8221;.vc_custom_1659525050365{margin-top: 70px !important;background-image: url(https:\/\/welcomelalfas.com\/wp-content\/uploads\/2021\/08\/escoles-velles_toni-elvar.jpg?id=685) !important;background-position: center !important;background-repeat: no-repeat !important;background-size: cover !important;}&#8221; z_index=&#8221;&#8221; padding_top=&#8221;200&#8243; padding_bottom=&#8221;200&#8243;][vc_column][vc_column_text]<\/p>\n<p class=\"text-center\"><a class=\"qbutton medium center default\" style=\"color: #ffffff; border-color: #006198; border-radius: 4px; -moz-border-radius: 4px; -webkit-border-radius: 4px; background-color: #006198;\" href=\"https:\/\/lookishtg.com\/360\/ALICANTE-PROVINCIA\/Alfazdelpi\/OFICINATURISMOESCOLESVELLES\/index.htm\" target=\"_blank\" rel=\"noopener\" data-hover-background-color=\"#006198\" data-hover-border-color=\"#006198\" data-hover-color=\"#ffffff\"><i class=\"fa fa-eye\" aria-hidden=\"true\"><\/i> Visita Virtual Espai Cultural Escoles Velles<\/a><\/p>\n<p>[\/vc_column_text][\/vc_column][\/vc_row][vc_row css_animation=&#8221;&#8221; row_type=&#8221;row&#8221; use_row_as_full_screen_section=&#8221;no&#8221; type=&#8221;full_width&#8221; angled_section=&#8221;no&#8221; text_align=&#8221;left&#8221; background_image_as_pattern=&#8221;without_pattern&#8221; z_index=&#8221;&#8221; padding_top=&#8221;50&#8243;][vc_column][qode_elements_holder number_of_columns=&#8221;two_columns&#8221;][qode_elements_holder_item vertical_alignment=&#8221;top&#8221; horizontal_alignment=&#8221;center&#8221; advanced_animations=&#8221;no&#8221; custom_class=&#8221;azulBgTN&#8221; item_padding=&#8221;40px 10px 40px 10px&#8221;][vc_column_text]<\/p>\n<p style=\"text-align: center !important;\"><strong>ESPAI CULTURAL ESCOLES VELLES<\/strong><\/p>\n<p style=\"text-align: center !important;\">Carrer Les Escoles, s\/n<br \/>\n03580 &#8211; L\u2019Alf\u00e0s del Pi<\/p>\n<p style=\"text-align: center !important;\">Tlf. <a style=\"color: #fff !important;\" href=\"tel:965889424\">965 889 424<\/a><\/p>\n<p style=\"text-align: center !important;\">Email: <a style=\"color: #fff !important;\" href=\"mailto:cultura@lalfas.com\">cultura@lalfas.com<\/a><\/p>\n<p>[\/vc_column_text][\/qode_elements_holder_item][qode_elements_holder_item vertical_alignment=&#8221;top&#8221; advanced_animations=&#8221;no&#8221; custom_class=&#8221;verdeBgTN&#8221; item_padding=&#8221;40px 10px 40px 10px&#8221;][vc_column_text]<\/p>\n<p style=\"text-align: center !important;\"><strong>HORARI D&#8217;ATENCI\u00d3 AL P\u00daBLICO<\/strong><\/p>\n<p style=\"text-align: center !important;\">de Dilluns a Divendres de 09:00-14.00h<br \/>\nDissabtes, Diumenges i Festius tancats.<\/p>\n<p>[\/vc_column_text][\/qode_elements_holder_item][\/qode_elements_holder][\/vc_column][\/vc_row][vc_row css_animation=&#8221;&#8221; row_type=&#8221;row&#8221; use_row_as_full_screen_section=&#8221;no&#8221; type=&#8221;full_width&#8221; angled_section=&#8221;no&#8221; text_align=&#8221;left&#8221; background_image_as_pattern=&#8221;without_pattern&#8221; z_index=&#8221;&#8221; padding_top=&#8221;70&#8243;][vc_column][vc_gmaps link=&#8221;#E-8_JTNDaWZyYW1lJTIwc3JjJTNEJTIyaHR0cHMlM0ElMkYlMkZ3d3cuZ29vZ2xlLmNvbSUyRm1hcHMlMkZlbWJlZCUzRnBiJTNEJTIxMW0xOCUyMTFtMTIlMjExbTMlMjExZDI0OTQ2LjYxMDAwNjA4ODY3NSUyMTJkLTAuMTM4NTAyMDU0NjYyMDAxODMlMjEzZDM4LjU5NTM2MDQyNDM1Njg1JTIxMm0zJTIxMWYwJTIxMmYwJTIxM2YwJTIxM20yJTIxMWkxMDI0JTIxMmk3NjglMjE0ZjEzLjElMjEzbTMlMjExbTIlMjExczB4ZDYyMDM4ZjYwOGE5MGViJTI1M0EweDJkNDJjMWEwZjgwOGM4YzElMjEyc09maWNpbmElMjUyMGRlJTI1MjBUdXJpc21vJTI1MjBkZSUyNTIwbCUyNiUyMzM5JTNCQWxmJTI1QzMlMjVBMHMlMjUyMGRlbCUyNTIwUGklMjE1ZTAlMjEzbTIlMjExc2VzJTIxMnNlcyUyMTR2MTYzMDMxNTA5MDg0MiUyMTVtMiUyMTFzZXMlMjEyc2VzJTIyJTIwd2lkdGglM0QlMjIxMDAlMjUlMjIlMjBoZWlnaHQlM0QlMjI0NTAlMjIlMjBzdHlsZSUzRCUyMmJvcmRlciUzQTAlM0IlMjIlMjBhbGxvd2Z1bGxzY3JlZW4lM0QlMjIlMjIlMjBsb2FkaW5nJTNEJTIybGF6eSUyMiUzRSUzQyUyRmlmcmFtZSUzRQ==&#8221;][\/vc_column][\/vc_row][vc_row css_animation=&#8221;&#8221; row_type=&#8221;row&#8221; use_row_as_full_screen_section=&#8221;no&#8221; type=&#8221;full_width&#8221; angled_section=&#8221;no&#8221; text_align=&#8221;left&#8221; background_image_as_pattern=&#8221;without_pattern&#8221; z_index=&#8221;&#8221; padding_top=&#8221;70&#8243; padding_bottom=&#8221;30&#8243;][vc_column][vc_column_text]<h2 style=\"text-align: center;font-size:28px;text-transform:none;\">Tamb\u00e9 podeu visitar<\/h2><div class=\"section_inner clearfix full-width\">\n            <div class=\"section_inner_margin clearfix\">\n                <div class=\"wpb_column vc_column_container container_inner\" style=\"margin:0 auto;\">\n                    <div class=\"vc_column-inner\">\n                        <div class=\"wpb_wrapper\">\n                            <div class=\"woocommerce columns-3\">\n                                <ul class=\"products\"><li class=\"product type-product post-3821\">\n                                                <div class=\"top-product-section\">\n\t\t\t\t\t\t\t\t\t\t\t\t    <a href=\"https:\/\/welcomelalfas.com\/val\/el-moli-de-manec\/\"><img width=\"800\" height=\"533\" src=\"https:\/\/welcomelalfas.com\/wp-content\/uploads\/2021\/06\/moli-manec-lalfas-06.jpg\" class=\"attachment-post-thumbnail size-post-thumbnail wp-post-image\" alt=\"\" loading=\"lazy\" srcset=\"https:\/\/welcomelalfas.com\/wp-content\/uploads\/2021\/06\/moli-manec-lalfas-06.jpg 800w, https:\/\/welcomelalfas.com\/wp-content\/uploads\/2021\/06\/moli-manec-lalfas-06-300x200.jpg 300w, https:\/\/welcomelalfas.com\/wp-content\/uploads\/2021\/06\/moli-manec-lalfas-06-768x512.jpg 768w, https:\/\/welcomelalfas.com\/wp-content\/uploads\/2021\/06\/moli-manec-lalfas-06-700x466.jpg 700w\" sizes=\"(max-width: 800px) 100vw, 800px\" \/><\/a>   \n                                                    <a href=\"https:\/\/welcomelalfas.com\/val\/el-moli-de-manec\/\" class=\"text-center\"><h3>El Mol\u00ed de M\u00e0nec<\/h3><\/a>\n                                                <\/div>\n                                                <\/li><li class=\"product type-product post-3861\">\n                                                <div class=\"top-product-section\">\n\t\t\t\t\t\t\t\t\t\t\t\t    <a href=\"https:\/\/welcomelalfas.com\/val\/escultura-parcper-la-pau-johan-galtung\/\"><img width=\"1000\" height=\"667\" src=\"https:\/\/welcomelalfas.com\/wp-content\/uploads\/2022\/09\/parque-johan-galtung-1-1.jpg\" class=\"attachment-post-thumbnail size-post-thumbnail wp-post-image\" alt=\"\" loading=\"lazy\" srcset=\"https:\/\/welcomelalfas.com\/wp-content\/uploads\/2022\/09\/parque-johan-galtung-1-1.jpg 1000w, https:\/\/welcomelalfas.com\/wp-content\/uploads\/2022\/09\/parque-johan-galtung-1-1-300x200.jpg 300w, https:\/\/welcomelalfas.com\/wp-content\/uploads\/2022\/09\/parque-johan-galtung-1-1-768x512.jpg 768w, https:\/\/welcomelalfas.com\/wp-content\/uploads\/2022\/09\/parque-johan-galtung-1-1-700x467.jpg 700w\" sizes=\"(max-width: 1000px) 100vw, 1000px\" \/><\/a>   \n                                                    <a href=\"https:\/\/welcomelalfas.com\/val\/escultura-parcper-la-pau-johan-galtung\/\" class=\"text-center\"><h3>Escultura Parc&#8221;per la pau&#8221; Johan Galtung<\/h3><\/a>\n                                                <\/div>\n                                                <\/li><li class=\"product type-product post-3899\" style=\"margin-right:0;\" >\n                                                <div class=\"top-product-section\">\n\t\t\t\t\t\t\t\t\t\t\t\t    <a href=\"https:\/\/welcomelalfas.com\/val\/museo-lalfas-amb-historia\/\"><img width=\"1000\" height=\"667\" src=\"https:\/\/welcomelalfas.com\/wp-content\/uploads\/2021\/08\/museo-amb-historia-01.jpg\" class=\"attachment-post-thumbnail size-post-thumbnail wp-post-image\" alt=\"\" loading=\"lazy\" srcset=\"https:\/\/welcomelalfas.com\/wp-content\/uploads\/2021\/08\/museo-amb-historia-01.jpg 1000w, https:\/\/welcomelalfas.com\/wp-content\/uploads\/2021\/08\/museo-amb-historia-01-300x200.jpg 300w, https:\/\/welcomelalfas.com\/wp-content\/uploads\/2021\/08\/museo-amb-historia-01-768x512.jpg 768w, https:\/\/welcomelalfas.com\/wp-content\/uploads\/2021\/08\/museo-amb-historia-01-700x467.jpg 700w\" sizes=\"(max-width: 1000px) 100vw, 1000px\" \/><\/a>   \n                                                    <a href=\"https:\/\/welcomelalfas.com\/val\/museo-lalfas-amb-historia\/\" class=\"text-center\"><h3>Museo l\u2019Alf\u00e0s amb Historia<\/h3><\/a>\n                                                <\/div>\n                                                <\/li><\/ul>\n                            <\/div>\n                        <\/div>\n                    <\/div>\n                <\/div>\n            <\/div>\n        <\/div>[\/vc_column_text][\/vc_column][\/vc_row][vc_row css_animation=&#8221;&#8221; row_type=&#8221;row&#8221; use_row_as_full_screen_section=&#8221;no&#8221; type=&#8221;full_width&#8221; angled_section=&#8221;no&#8221; text_align=&#8221;left&#8221; background_image_as_pattern=&#8221;without_pattern&#8221; css=&#8221;.vc_custom_1664361691279{background-image: url(https:\/\/welcomelalfas.com\/wp-content\/uploads\/2021\/06\/fondo-pie-tn.jpg?id=389) !important;}&#8221; z_index=&#8221;&#8221; padding_top=&#8221;157&#8243; padding_bottom=&#8221;100&#8243;][vc_column][\/vc_column][\/vc_row]<\/p>\n","protected":false},"excerpt":{"rendered":"<p>[vc_row css_animation=&#8221;&#8221; row_type=&#8221;row&#8221; use_row_as_full_screen_section=&#8221;no&#8221; type=&#8221;grid&#8221; angled_section=&#8221;no&#8221; text_align=&#8221;left&#8221; background_image_as_pattern=&#8221;without_pattern&#8221; z_index=&#8221;&#8221; padding_top=&#8221;50&#8243;][vc_column][vc_single_image image=&#8221;3800&#8243; img_size=&#8221;medium&#8221; alignment=&#8221;center&#8221; qode_css_animation=&#8221;&#8221;][\/vc_column][vc_column css=&#8221;.vc_custom_1630316963515{margin-top: 40px !important;}&#8221;][vc_column_text]Aquest edifici constru\u00eft en 1927 va ser la primera escola municipal. Van obrir les seues portes en una de les zones m\u00e9s transitades de l&#8217;Alf\u00e0s del Pi, es van&#8230;<\/p>\n","protected":false},"author":2,"featured_media":3804,"parent":0,"menu_order":0,"comment_status":"closed","ping_status":"closed","template":"full_width.php","meta":[],"yoast_head":"<!-- This site is optimized with the Yoast SEO plugin v19.7.1 - https:\/\/yoast.com\/wordpress\/plugins\/seo\/ -->\n<title>Espai Cultural Escoles Velles | Welcome L&#039;Alf\u00e0s<\/title>\n<meta name=\"description\" content=\"Espai Cultural Escoles Velles | Welcome L&#039;Alf\u00e0s\" \/>\n<meta name=\"robots\" content=\"index, follow, max-snippet:-1, max-image-preview:large, max-video-preview:-1\" \/>\n<link rel=\"canonical\" href=\"https:\/\/welcomelalfas.com\/val\/espai-cultural-escoles-velles\/\" \/>\n<meta property=\"og:locale\" content=\"en_US\" \/>\n<meta property=\"og:type\" content=\"article\" \/>\n<meta property=\"og:title\" content=\"Espai Cultural Escoles Velles | Welcome L&#039;Alf\u00e0s\" \/>\n<meta property=\"og:description\" content=\"Espai Cultural Escoles Velles | Welcome L&#039;Alf\u00e0s\" \/>\n<meta property=\"og:url\" content=\"https:\/\/welcomelalfas.com\/val\/espai-cultural-escoles-velles\/\" \/>\n<meta property=\"og:site_name\" content=\"Welcome L&#039;Alf\u00e0s\" \/>\n<meta property=\"article:modified_time\" content=\"2022-11-04T10:36:44+00:00\" \/>\n<meta property=\"og:image\" content=\"https:\/\/welcomelalfas.com\/wp-content\/uploads\/2021\/09\/escoles-velles-alfaz-rel.jpg\" \/>\n\t<meta property=\"og:image:width\" content=\"1000\" \/>\n\t<meta property=\"og:image:height\" content=\"667\" \/>\n\t<meta property=\"og:image:type\" content=\"image\/jpeg\" \/>\n<meta name=\"twitter:card\" content=\"summary_large_image\" \/>\n<meta name=\"twitter:label1\" content=\"Est. reading time\" \/>\n\t<meta name=\"twitter:data1\" content=\"2 minutes\" \/>\n<script type=\"application\/ld+json\" class=\"yoast-schema-graph\">{\"@context\":\"https:\/\/schema.org\",\"@graph\":[{\"@type\":\"WebPage\",\"@id\":\"https:\/\/welcomelalfas.com\/val\/espai-cultural-escoles-velles\/\",\"url\":\"https:\/\/welcomelalfas.com\/val\/espai-cultural-escoles-velles\/\",\"name\":\"Espai Cultural Escoles Velles | Welcome L&#039;Alf\u00e0s\",\"isPartOf\":{\"@id\":\"https:\/\/welcomelalfas.com\/#website\"},\"datePublished\":\"2021-08-30T09:04:59+00:00\",\"dateModified\":\"2022-11-04T10:36:44+00:00\",\"description\":\"Espai Cultural Escoles Velles | Welcome L&#039;Alf\u00e0s\",\"breadcrumb\":{\"@id\":\"https:\/\/welcomelalfas.com\/val\/espai-cultural-escoles-velles\/#breadcrumb\"},\"inLanguage\":\"val\",\"potentialAction\":[{\"@type\":\"ReadAction\",\"target\":[\"https:\/\/welcomelalfas.com\/val\/espai-cultural-escoles-velles\/\"]}]},{\"@type\":\"BreadcrumbList\",\"@id\":\"https:\/\/welcomelalfas.com\/val\/espai-cultural-escoles-velles\/#breadcrumb\",\"itemListElement\":[{\"@type\":\"ListItem\",\"position\":1,\"name\":\"Portada\",\"item\":\"https:\/\/welcomelalfas.com\/val\/\"},{\"@type\":\"ListItem\",\"position\":2,\"name\":\"Espai Cultural Escoles Velles\"}]},{\"@type\":\"WebSite\",\"@id\":\"https:\/\/welcomelalfas.com\/#website\",\"url\":\"https:\/\/welcomelalfas.com\/\",\"name\":\"Welcome L&#039;Alf\u00e0s\",\"description\":\"Welcome L&#039;Alf\u00e0s\",\"potentialAction\":[{\"@type\":\"SearchAction\",\"target\":{\"@type\":\"EntryPoint\",\"urlTemplate\":\"https:\/\/welcomelalfas.com\/?s={search_term_string}\"},\"query-input\":\"required name=search_term_string\"}],\"inLanguage\":\"val\"}]}<\/script>\n<!-- \/ Yoast SEO plugin. -->","yoast_head_json":{"title":"Espai Cultural Escoles Velles | Welcome L&#039;Alf\u00e0s","description":"Espai Cultural Escoles Velles | Welcome L&#039;Alf\u00e0s","robots":{"index":"index","follow":"follow","max-snippet":"max-snippet:-1","max-image-preview":"max-image-preview:large","max-video-preview":"max-video-preview:-1"},"canonical":"https:\/\/welcomelalfas.com\/val\/espai-cultural-escoles-velles\/","og_locale":"en_US","og_type":"article","og_title":"Espai Cultural Escoles Velles | Welcome L&#039;Alf\u00e0s","og_description":"Espai Cultural Escoles Velles | Welcome L&#039;Alf\u00e0s","og_url":"https:\/\/welcomelalfas.com\/val\/espai-cultural-escoles-velles\/","og_site_name":"Welcome L&#039;Alf\u00e0s","article_modified_time":"2022-11-04T10:36:44+00:00","og_image":[{"width":1000,"height":667,"url":"https:\/\/welcomelalfas.com\/wp-content\/uploads\/2021\/09\/escoles-velles-alfaz-rel.jpg","type":"image\/jpeg"}],"twitter_card":"summary_large_image","twitter_misc":{"Est. reading time":"2 minutes"},"schema":{"@context":"https:\/\/schema.org","@graph":[{"@type":"WebPage","@id":"https:\/\/welcomelalfas.com\/val\/espai-cultural-escoles-velles\/","url":"https:\/\/welcomelalfas.com\/val\/espai-cultural-escoles-velles\/","name":"Espai Cultural Escoles Velles | Welcome L&#039;Alf\u00e0s","isPartOf":{"@id":"https:\/\/welcomelalfas.com\/#website"},"datePublished":"2021-08-30T09:04:59+00:00","dateModified":"2022-11-04T10:36:44+00:00","description":"Espai Cultural Escoles Velles | Welcome L&#039;Alf\u00e0s","breadcrumb":{"@id":"https:\/\/welcomelalfas.com\/val\/espai-cultural-escoles-velles\/#breadcrumb"},"inLanguage":"val","potentialAction":[{"@type":"ReadAction","target":["https:\/\/welcomelalfas.com\/val\/espai-cultural-escoles-velles\/"]}]},{"@type":"BreadcrumbList","@id":"https:\/\/welcomelalfas.com\/val\/espai-cultural-escoles-velles\/#breadcrumb","itemListElement":[{"@type":"ListItem","position":1,"name":"Portada","item":"https:\/\/welcomelalfas.com\/val\/"},{"@type":"ListItem","position":2,"name":"Espai Cultural Escoles Velles"}]},{"@type":"WebSite","@id":"https:\/\/welcomelalfas.com\/#website","url":"https:\/\/welcomelalfas.com\/","name":"Welcome L&#039;Alf\u00e0s","description":"Welcome L&#039;Alf\u00e0s","potentialAction":[{"@type":"SearchAction","target":{"@type":"EntryPoint","urlTemplate":"https:\/\/welcomelalfas.com\/?s={search_term_string}"},"query-input":"required name=search_term_string"}],"inLanguage":"val"}]}},"_links":{"self":[{"href":"https:\/\/welcomelalfas.com\/val\/wp-json\/wp\/v2\/pages\/3798"}],"collection":[{"href":"https:\/\/welcomelalfas.com\/val\/wp-json\/wp\/v2\/pages"}],"about":[{"href":"https:\/\/welcomelalfas.com\/val\/wp-json\/wp\/v2\/types\/page"}],"author":[{"embeddable":true,"href":"https:\/\/welcomelalfas.com\/val\/wp-json\/wp\/v2\/users\/2"}],"replies":[{"embeddable":true,"href":"https:\/\/welcomelalfas.com\/val\/wp-json\/wp\/v2\/comments?post=3798"}],"version-history":[{"count":5,"href":"https:\/\/welcomelalfas.com\/val\/wp-json\/wp\/v2\/pages\/3798\/revisions"}],"predecessor-version":[{"id":4401,"href":"https:\/\/welcomelalfas.com\/val\/wp-json\/wp\/v2\/pages\/3798\/revisions\/4401"}],"wp:featuredmedia":[{"embeddable":true,"href":"https:\/\/welcomelalfas.com\/val\/wp-json\/wp\/v2\/media\/3804"}],"wp:attachment":[{"href":"https:\/\/welcomelalfas.com\/val\/wp-json\/wp\/v2\/media?parent=3798"}],"curies":[{"name":"wp","href":"https:\/\/api.w.org\/{rel}","templated":true}]}}