{"id":3899,"date":"2021-08-31T11:56:50","date_gmt":"2021-08-31T11:56:50","guid":{"rendered":"https:\/\/welcomelalfas.com\/?page_id=3899"},"modified":"2022-10-03T09:53:04","modified_gmt":"2022-10-03T09:53:04","slug":"museo-lalfas-amb-historia","status":"publish","type":"page","link":"https:\/\/welcomelalfas.com\/val\/museo-lalfas-amb-historia\/","title":{"rendered":"Museo l\u2019Alf\u00e0s amb Historia"},"content":{"rendered":"<p>[vc_row css_animation=&#8221;&#8221; row_type=&#8221;row&#8221; use_row_as_full_screen_section=&#8221;no&#8221; type=&#8221;grid&#8221; angled_section=&#8221;no&#8221; text_align=&#8221;left&#8221; background_image_as_pattern=&#8221;without_pattern&#8221; z_index=&#8221;&#8221; padding_top=&#8221;50&#8243;][vc_column css=&#8221;.vc_custom_1630316963515{margin-top: 40px !important;}&#8221;][vc_column_text]<span style=\"font-weight: 400;\">Situat al Carrer Baldons, en ple nucli urb\u00e0 alfasino, aquest centre etnogr\u00e0fic t\u00e9 com a finalitat estudiar, documentar, conservar i divulgar el patrimoni material i immaterial del municipi de l&#8217;Alf\u00e0s del Pi. La casa va ser constru\u00efda en 1845 en plena revoluci\u00f3 industrial segons delata l&#8217;aler cer\u00e0mic i seguint la tipologia de les arquitectura de l&#8217;\u00e8poca, consta d&#8217;una planta baixa, primera planta, cambra i pati posterior. La particularitat d&#8217;aquesta edificaci\u00f3 \u00e9s que, a m\u00e9s, compta amb un espai enjardinat a l&#8217;altre costat del carrer que era utilitzat com a hort i jard\u00ed pels seus propietaris originals. En el museu s&#8217;ha exposat fins ara una col\u00b7lecci\u00f3 temporal amb una xicoteta mostra de fotografies i objectes donats per diversos ve\u00efns del municipi a trav\u00e9s dels quals ha sigut possible viatjar al passat per a comprendre millor qui som i d&#8217;on venim. Actualment es troba buit.<\/span>[\/vc_column_text][\/vc_column][\/vc_row][vc_row css_animation=&#8221;&#8221; row_type=&#8221;row&#8221; use_row_as_full_screen_section=&#8221;no&#8221; type=&#8221;full_width&#8221; angled_section=&#8221;no&#8221; text_align=&#8221;left&#8221; background_image_as_pattern=&#8221;without_pattern&#8221; z_index=&#8221;&#8221; padding_top=&#8221;70&#8243; padding_bottom=&#8221;20&#8243;][vc_column css_animation=&#8221;fadeIn&#8221;][vc_gallery type=&#8221;image_grid&#8221; images=&#8221;3902,3903,3904,3905,3906,3907&#8243; img_size=&#8221;full&#8221; onclick=&#8221;&#8221; column_number=&#8221;3&#8243; grayscale=&#8221;no&#8221; images_space=&#8221;gallery_with_space&#8221;][\/vc_column][\/vc_row][vc_row css_animation=&#8221;&#8221; row_type=&#8221;row&#8221; use_row_as_full_screen_section=&#8221;no&#8221; type=&#8221;full_width&#8221; angled_section=&#8221;no&#8221; text_align=&#8221;left&#8221; background_image_as_pattern=&#8221;without_pattern&#8221; z_index=&#8221;&#8221; padding_top=&#8221;70&#8243;][vc_column][qode_elements_holder number_of_columns=&#8221;two_columns&#8221;][qode_elements_holder_item vertical_alignment=&#8221;middle&#8221; horizontal_alignment=&#8221;center&#8221; advanced_animations=&#8221;no&#8221; custom_class=&#8221;azulBgTN&#8221; item_padding=&#8221;40px 10px 40px 10px&#8221;][vc_column_text]<\/p>\n<p style=\"text-align: center !important;\"><strong>MUSEO L\u2019ALF\u00c0S AMB HISTORIA<\/strong><\/p>\n<p style=\"text-align: center !important;\">Carrer Baldons, 12, 03580 l&#8217;Alf\u00e0s del Pi, Alicante<\/p>\n<p style=\"text-align: center !important;\">Tlf. <a href=\"tel:965888265\">965 88 82 65<\/a><\/p>\n<p>[\/vc_column_text][\/qode_elements_holder_item][qode_elements_holder_item vertical_alignment=&#8221;middle&#8221; horizontal_alignment=&#8221;center&#8221; advanced_animations=&#8221;no&#8221; custom_class=&#8221;verdeBgTN&#8221; item_padding=&#8221;40px 10px 40px 10px&#8221;][\/qode_elements_holder_item][\/qode_elements_holder][\/vc_column][\/vc_row][vc_row css_animation=&#8221;&#8221; row_type=&#8221;row&#8221; use_row_as_full_screen_section=&#8221;no&#8221; type=&#8221;full_width&#8221; angled_section=&#8221;no&#8221; text_align=&#8221;left&#8221; background_image_as_pattern=&#8221;without_pattern&#8221; z_index=&#8221;&#8221; padding_top=&#8221;70&#8243;][vc_column][vc_gmaps link=&#8221;#E-8_JTNDaWZyYW1lJTIwc3JjJTNEJTIyaHR0cHMlM0ElMkYlMkZ3d3cuZ29vZ2xlLmNvbSUyRm1hcHMlMkZlbWJlZCUzRnBiJTNEJTIxMW0xOCUyMTFtMTIlMjExbTMlMjExZDMxMTkuMDA0NjY1NTQ4MzE0JTIxMmQtMC4xMDUxMTk1ODQzNzg2MDk3MyUyMTNkMzguNTc5NzQwMzc5NjIwODklMjEybTMlMjExZjAlMjEyZjAlMjEzZjAlMjEzbTIlMjExaTEwMjQlMjEyaTc2OCUyMTRmMTMuMSUyMTNtMyUyMTFtMiUyMTFzMHhkNjIwMzNhOTc1ZjA2MjclMjUzQTB4ODk0MjRiNjM5ZTM4YWVkNyUyMTJ6VFhWelpXOGdiT0tBbVVGc1pzT2djeUJoYldJZ1NHbHpkTU95Y21saCUyMTVlMCUyMTNtMiUyMTFzZXMlMjEyc2VzJTIxNHYxNjMwNDExNjI2NjA5JTIxNW0yJTIxMXNlcyUyMTJzZXMlMjIlMjB3aWR0aCUzRCUyMjEwMCUyNSUyMiUyMGhlaWdodCUzRCUyMjQ1MCUyMiUyMHN0eWxlJTNEJTIyYm9yZGVyJTNBMCUzQiUyMiUyMGFsbG93ZnVsbHNjcmVlbiUzRCUyMiUyMiUyMGxvYWRpbmclM0QlMjJsYXp5JTIyJTNFJTNDJTJGaWZyYW1lJTNF&#8221;][\/vc_column][\/vc_row][vc_row css_animation=&#8221;&#8221; row_type=&#8221;row&#8221; use_row_as_full_screen_section=&#8221;no&#8221; type=&#8221;full_width&#8221; angled_section=&#8221;no&#8221; text_align=&#8221;left&#8221; background_image_as_pattern=&#8221;without_pattern&#8221; z_index=&#8221;&#8221; padding_top=&#8221;70&#8243; padding_bottom=&#8221;30&#8243;][vc_column][vc_column_text]<h2 style=\"text-align: center;font-size:28px;text-transform:none;\">Tamb\u00e9 podeu visitar<\/h2><div class=\"section_inner clearfix full-width\">\n            <div class=\"section_inner_margin clearfix\">\n                <div class=\"wpb_column vc_column_container container_inner\" style=\"margin:0 auto;\">\n                    <div class=\"vc_column-inner\">\n                        <div class=\"wpb_wrapper\">\n                            <div class=\"woocommerce columns-3\">\n                                <ul class=\"products\"><li class=\"product type-product post-3909\">\n                                                <div class=\"top-product-section\">\n\t\t\t\t\t\t\t\t\t\t\t\t    <a href=\"https:\/\/welcomelalfas.com\/val\/jardi-escultoric-de-la-fundacio-klein-schreuder\/\"><img width=\"1000\" height=\"667\" src=\"https:\/\/welcomelalfas.com\/wp-content\/uploads\/2021\/08\/jardin-escultorico-01.jpg\" class=\"attachment-post-thumbnail size-post-thumbnail wp-post-image\" alt=\"\" loading=\"lazy\" srcset=\"https:\/\/welcomelalfas.com\/wp-content\/uploads\/2021\/08\/jardin-escultorico-01.jpg 1000w, https:\/\/welcomelalfas.com\/wp-content\/uploads\/2021\/08\/jardin-escultorico-01-300x200.jpg 300w, https:\/\/welcomelalfas.com\/wp-content\/uploads\/2021\/08\/jardin-escultorico-01-768x512.jpg 768w, https:\/\/welcomelalfas.com\/wp-content\/uploads\/2021\/08\/jardin-escultorico-01-700x467.jpg 700w\" sizes=\"(max-width: 1000px) 100vw, 1000px\" \/><\/a>   \n                                                    <a href=\"https:\/\/welcomelalfas.com\/val\/jardi-escultoric-de-la-fundacio-klein-schreuder\/\" class=\"text-center\"><h3>Jard\u00ed Escult\u00f2ric de la Fundaci\u00f3 Klein-Schreuder<\/h3><\/a>\n                                                <\/div>\n                                                <\/li><li class=\"product type-product post-3737\">\n                                                <div class=\"top-product-section\">\n\t\t\t\t\t\t\t\t\t\t\t\t    <a href=\"https:\/\/welcomelalfas.com\/val\/torre-bombarda\/\"><img width=\"1000\" height=\"667\" src=\"https:\/\/welcomelalfas.com\/wp-content\/uploads\/2021\/10\/torre-bombarda-alfaz-01.jpg\" class=\"attachment-post-thumbnail size-post-thumbnail wp-post-image\" alt=\"\" loading=\"lazy\" srcset=\"https:\/\/welcomelalfas.com\/wp-content\/uploads\/2021\/10\/torre-bombarda-alfaz-01.jpg 1000w, https:\/\/welcomelalfas.com\/wp-content\/uploads\/2021\/10\/torre-bombarda-alfaz-01-300x200.jpg 300w, https:\/\/welcomelalfas.com\/wp-content\/uploads\/2021\/10\/torre-bombarda-alfaz-01-768x512.jpg 768w, https:\/\/welcomelalfas.com\/wp-content\/uploads\/2021\/10\/torre-bombarda-alfaz-01-700x467.jpg 700w\" sizes=\"(max-width: 1000px) 100vw, 1000px\" \/><\/a>   \n                                                    <a href=\"https:\/\/welcomelalfas.com\/val\/torre-bombarda\/\" class=\"text-center\"><h3>Torre Bombarda<\/h3><\/a>\n                                                <\/div>\n                                                <\/li><li class=\"product type-product post-3744\" style=\"margin-right:0;\" >\n                                                <div class=\"top-product-section\">\n\t\t\t\t\t\t\t\t\t\t\t\t    <a href=\"https:\/\/welcomelalfas.com\/val\/mines-docre\/\"><img width=\"1000\" height=\"667\" src=\"https:\/\/welcomelalfas.com\/wp-content\/uploads\/2021\/10\/mina-ocre-01.jpg\" class=\"attachment-post-thumbnail size-post-thumbnail wp-post-image\" alt=\"\" loading=\"lazy\" srcset=\"https:\/\/welcomelalfas.com\/wp-content\/uploads\/2021\/10\/mina-ocre-01.jpg 1000w, https:\/\/welcomelalfas.com\/wp-content\/uploads\/2021\/10\/mina-ocre-01-300x200.jpg 300w, https:\/\/welcomelalfas.com\/wp-content\/uploads\/2021\/10\/mina-ocre-01-768x512.jpg 768w, https:\/\/welcomelalfas.com\/wp-content\/uploads\/2021\/10\/mina-ocre-01-700x467.jpg 700w\" sizes=\"(max-width: 1000px) 100vw, 1000px\" \/><\/a>   \n                                                    <a href=\"https:\/\/welcomelalfas.com\/val\/mines-docre\/\" class=\"text-center\"><h3>Mines d&#8217;ocre<\/h3><\/a>\n                                                <\/div>\n                                                <\/li><\/ul>\n                            <\/div>\n                        <\/div>\n                    <\/div>\n                <\/div>\n            <\/div>\n        <\/div>[\/vc_column_text][\/vc_column][\/vc_row][vc_row css_animation=&#8221;&#8221; row_type=&#8221;row&#8221; use_row_as_full_screen_section=&#8221;no&#8221; type=&#8221;full_width&#8221; angled_section=&#8221;no&#8221; text_align=&#8221;left&#8221; background_image_as_pattern=&#8221;without_pattern&#8221; z_index=&#8221;&#8221; padding_top=&#8221;157&#8243; padding_bottom=&#8221;100&#8243; css=&#8221;.vc_custom_1664362333776{background-image: url(https:\/\/welcomelalfas.com\/wp-content\/uploads\/2021\/06\/fondo-pie-tn.jpg?id=389) !important;}&#8221;][vc_column][\/vc_column][\/vc_row]<\/p>\n","protected":false},"excerpt":{"rendered":"<p>[vc_row css_animation=&#8221;&#8221; row_type=&#8221;row&#8221; use_row_as_full_screen_section=&#8221;no&#8221; type=&#8221;grid&#8221; angled_section=&#8221;no&#8221; text_align=&#8221;left&#8221; background_image_as_pattern=&#8221;without_pattern&#8221; z_index=&#8221;&#8221; padding_top=&#8221;50&#8243;][vc_column css=&#8221;.vc_custom_1630316963515{margin-top: 40px !important;}&#8221;][vc_column_text]Situat al Carrer Baldons, en ple nucli urb\u00e0 alfasino, aquest centre etnogr\u00e0fic t\u00e9 com a finalitat estudiar, documentar, conservar i divulgar el patrimoni material i immaterial del municipi de l&#8217;Alf\u00e0s del Pi. La&#8230;<\/p>\n","protected":false},"author":2,"featured_media":3902,"parent":0,"menu_order":0,"comment_status":"closed","ping_status":"closed","template":"full_width.php","meta":[],"yoast_head":"<!-- This site is optimized with the Yoast SEO plugin v19.7.1 - https:\/\/yoast.com\/wordpress\/plugins\/seo\/ -->\n<title>Museo l\u2019Alf\u00e0s amb Historia | Welcome L&#039;Alf\u00e0s<\/title>\n<meta name=\"description\" content=\"Museo l\u2019Alf\u00e0s amb Historia | Welcome L&#039;Alf\u00e0s\" \/>\n<meta name=\"robots\" content=\"index, follow, max-snippet:-1, max-image-preview:large, max-video-preview:-1\" \/>\n<link rel=\"canonical\" href=\"https:\/\/welcomelalfas.com\/val\/museo-lalfas-amb-historia\/\" \/>\n<meta property=\"og:locale\" content=\"en_US\" \/>\n<meta property=\"og:type\" content=\"article\" \/>\n<meta property=\"og:title\" content=\"Museo l\u2019Alf\u00e0s amb Historia | Welcome L&#039;Alf\u00e0s\" \/>\n<meta property=\"og:description\" content=\"Museo l\u2019Alf\u00e0s amb Historia | Welcome L&#039;Alf\u00e0s\" \/>\n<meta property=\"og:url\" content=\"https:\/\/welcomelalfas.com\/val\/museo-lalfas-amb-historia\/\" \/>\n<meta property=\"og:site_name\" content=\"Welcome L&#039;Alf\u00e0s\" \/>\n<meta property=\"article:modified_time\" content=\"2022-10-03T09:53:04+00:00\" \/>\n<meta property=\"og:image\" content=\"https:\/\/welcomelalfas.com\/wp-content\/uploads\/2021\/08\/museo-amb-historia-01.jpg\" \/>\n\t<meta property=\"og:image:width\" content=\"1000\" \/>\n\t<meta property=\"og:image:height\" content=\"667\" \/>\n\t<meta property=\"og:image:type\" content=\"image\/jpeg\" \/>\n<meta name=\"twitter:card\" content=\"summary_large_image\" \/>\n<meta name=\"twitter:label1\" content=\"Est. reading time\" \/>\n\t<meta name=\"twitter:data1\" content=\"2 minutes\" \/>\n<script type=\"application\/ld+json\" class=\"yoast-schema-graph\">{\"@context\":\"https:\/\/schema.org\",\"@graph\":[{\"@type\":\"WebPage\",\"@id\":\"https:\/\/welcomelalfas.com\/val\/museo-lalfas-amb-historia\/\",\"url\":\"https:\/\/welcomelalfas.com\/val\/museo-lalfas-amb-historia\/\",\"name\":\"Museo l\u2019Alf\u00e0s amb Historia | Welcome L&#039;Alf\u00e0s\",\"isPartOf\":{\"@id\":\"https:\/\/welcomelalfas.com\/#website\"},\"datePublished\":\"2021-08-31T11:56:50+00:00\",\"dateModified\":\"2022-10-03T09:53:04+00:00\",\"description\":\"Museo l\u2019Alf\u00e0s amb Historia | Welcome L&#039;Alf\u00e0s\",\"breadcrumb\":{\"@id\":\"https:\/\/welcomelalfas.com\/val\/museo-lalfas-amb-historia\/#breadcrumb\"},\"inLanguage\":\"val\",\"potentialAction\":[{\"@type\":\"ReadAction\",\"target\":[\"https:\/\/welcomelalfas.com\/val\/museo-lalfas-amb-historia\/\"]}]},{\"@type\":\"BreadcrumbList\",\"@id\":\"https:\/\/welcomelalfas.com\/val\/museo-lalfas-amb-historia\/#breadcrumb\",\"itemListElement\":[{\"@type\":\"ListItem\",\"position\":1,\"name\":\"Portada\",\"item\":\"https:\/\/welcomelalfas.com\/val\/\"},{\"@type\":\"ListItem\",\"position\":2,\"name\":\"Museo l\u2019Alf\u00e0s amb Historia\"}]},{\"@type\":\"WebSite\",\"@id\":\"https:\/\/welcomelalfas.com\/#website\",\"url\":\"https:\/\/welcomelalfas.com\/\",\"name\":\"Welcome L&#039;Alf\u00e0s\",\"description\":\"Welcome L&#039;Alf\u00e0s\",\"potentialAction\":[{\"@type\":\"SearchAction\",\"target\":{\"@type\":\"EntryPoint\",\"urlTemplate\":\"https:\/\/welcomelalfas.com\/?s={search_term_string}\"},\"query-input\":\"required name=search_term_string\"}],\"inLanguage\":\"val\"}]}<\/script>\n<!-- \/ Yoast SEO plugin. -->","yoast_head_json":{"title":"Museo l\u2019Alf\u00e0s amb Historia | Welcome L&#039;Alf\u00e0s","description":"Museo l\u2019Alf\u00e0s amb Historia | Welcome L&#039;Alf\u00e0s","robots":{"index":"index","follow":"follow","max-snippet":"max-snippet:-1","max-image-preview":"max-image-preview:large","max-video-preview":"max-video-preview:-1"},"canonical":"https:\/\/welcomelalfas.com\/val\/museo-lalfas-amb-historia\/","og_locale":"en_US","og_type":"article","og_title":"Museo l\u2019Alf\u00e0s amb Historia | Welcome L&#039;Alf\u00e0s","og_description":"Museo l\u2019Alf\u00e0s amb Historia | Welcome L&#039;Alf\u00e0s","og_url":"https:\/\/welcomelalfas.com\/val\/museo-lalfas-amb-historia\/","og_site_name":"Welcome L&#039;Alf\u00e0s","article_modified_time":"2022-10-03T09:53:04+00:00","og_image":[{"width":1000,"height":667,"url":"https:\/\/welcomelalfas.com\/wp-content\/uploads\/2021\/08\/museo-amb-historia-01.jpg","type":"image\/jpeg"}],"twitter_card":"summary_large_image","twitter_misc":{"Est. reading time":"2 minutes"},"schema":{"@context":"https:\/\/schema.org","@graph":[{"@type":"WebPage","@id":"https:\/\/welcomelalfas.com\/val\/museo-lalfas-amb-historia\/","url":"https:\/\/welcomelalfas.com\/val\/museo-lalfas-amb-historia\/","name":"Museo l\u2019Alf\u00e0s amb Historia | Welcome L&#039;Alf\u00e0s","isPartOf":{"@id":"https:\/\/welcomelalfas.com\/#website"},"datePublished":"2021-08-31T11:56:50+00:00","dateModified":"2022-10-03T09:53:04+00:00","description":"Museo l\u2019Alf\u00e0s amb Historia | Welcome L&#039;Alf\u00e0s","breadcrumb":{"@id":"https:\/\/welcomelalfas.com\/val\/museo-lalfas-amb-historia\/#breadcrumb"},"inLanguage":"val","potentialAction":[{"@type":"ReadAction","target":["https:\/\/welcomelalfas.com\/val\/museo-lalfas-amb-historia\/"]}]},{"@type":"BreadcrumbList","@id":"https:\/\/welcomelalfas.com\/val\/museo-lalfas-amb-historia\/#breadcrumb","itemListElement":[{"@type":"ListItem","position":1,"name":"Portada","item":"https:\/\/welcomelalfas.com\/val\/"},{"@type":"ListItem","position":2,"name":"Museo l\u2019Alf\u00e0s amb Historia"}]},{"@type":"WebSite","@id":"https:\/\/welcomelalfas.com\/#website","url":"https:\/\/welcomelalfas.com\/","name":"Welcome L&#039;Alf\u00e0s","description":"Welcome L&#039;Alf\u00e0s","potentialAction":[{"@type":"SearchAction","target":{"@type":"EntryPoint","urlTemplate":"https:\/\/welcomelalfas.com\/?s={search_term_string}"},"query-input":"required name=search_term_string"}],"inLanguage":"val"}]}},"_links":{"self":[{"href":"https:\/\/welcomelalfas.com\/val\/wp-json\/wp\/v2\/pages\/3899"}],"collection":[{"href":"https:\/\/welcomelalfas.com\/val\/wp-json\/wp\/v2\/pages"}],"about":[{"href":"https:\/\/welcomelalfas.com\/val\/wp-json\/wp\/v2\/types\/page"}],"author":[{"embeddable":true,"href":"https:\/\/welcomelalfas.com\/val\/wp-json\/wp\/v2\/users\/2"}],"replies":[{"embeddable":true,"href":"https:\/\/welcomelalfas.com\/val\/wp-json\/wp\/v2\/comments?post=3899"}],"version-history":[{"count":2,"href":"https:\/\/welcomelalfas.com\/val\/wp-json\/wp\/v2\/pages\/3899\/revisions"}],"predecessor-version":[{"id":3908,"href":"https:\/\/welcomelalfas.com\/val\/wp-json\/wp\/v2\/pages\/3899\/revisions\/3908"}],"wp:featuredmedia":[{"embeddable":true,"href":"https:\/\/welcomelalfas.com\/val\/wp-json\/wp\/v2\/media\/3902"}],"wp:attachment":[{"href":"https:\/\/welcomelalfas.com\/val\/wp-json\/wp\/v2\/media?parent=3899"}],"curies":[{"name":"wp","href":"https:\/\/api.w.org\/{rel}","templated":true}]}}